{"id":1360,"date":"2023-08-04T16:02:00","date_gmt":"2023-08-04T14:02:00","guid":{"rendered":"http:\/\/decomponist.info\/?page_id=1360"},"modified":"2026-04-27T10:34:27","modified_gmt":"2026-04-27T08:34:27","slug":"nieuws","status":"publish","type":"page","link":"https:\/\/decomponist.info\/index.php\/nieuws\/","title":{"rendered":"Nieuws"},"content":{"rendered":"\n<hr class=\"wp-block-separator has-alpha-channel-opacity\"\/>\n\n\n\n<div class=\"wp-block-columns is-layout-flex wp-container-core-columns-is-layout-9d6595d7 wp-block-columns-is-layout-flex\">\n<div class=\"wp-block-column is-layout-flow wp-block-column-is-layout-flow\" style=\"flex-basis:33.33%\"><div class=\"wp-block-image\">\n<figure class=\"aligncenter size-medium\"><a href=\"https:\/\/decomponist.info\/index.php\/2026\/04\/27\/uitslag-enquete-pakketkluisjes\/\" target=\"_blank\" rel=\" noreferrer noopener\"><img loading=\"lazy\" decoding=\"async\" width=\"300\" height=\"169\" src=\"https:\/\/decomponist.info\/wp-content\/uploads\/2026\/04\/Pakketkluizen-300x169.jpg\" alt=\"\" class=\"wp-image-6399\" srcset=\"https:\/\/decomponist.info\/wp-content\/uploads\/2026\/04\/Pakketkluizen-300x169.jpg 300w, https:\/\/decomponist.info\/wp-content\/uploads\/2026\/04\/Pakketkluizen-768x432.jpg 768w, https:\/\/decomponist.info\/wp-content\/uploads\/2026\/04\/Pakketkluizen.jpg 1000w\" sizes=\"auto, (max-width: 300px) 100vw, 300px\" \/><\/a><\/figure>\n<\/div><\/div>\n\n\n\n<div class=\"wp-block-column is-layout-flow wp-block-column-is-layout-flow\" style=\"flex-basis:66.66%\">\n<p class=\"has-text-align-center has-medium-font-size\"><strong>UITSLAG ENQU\u00caTE PAKKETKLUISJES<\/strong><\/p>\n\n\n\n<p class=\"has-medium-font-size\">In april hield de bewonerscommissie een enqu\u00eate onder alle bewoners van de Componist over pakketkluisjes. Slechts 22% van de bewoners vulden deze enqu\u00eate in, dit ondanks een rappel. De uitslag vindt u door te klikken op de afbeelding.<\/p>\n\n\n\n<p class=\"has-medium-font-size\">De bewonerscommissie zal de uitslag bespreken in haar volgende bestuursvergadering en u daarna informeren over eventuele vervolgstappen.<\/p>\n<\/div>\n<\/div>\n\n\n\n<hr class=\"wp-block-separator has-alpha-channel-opacity is-style-wide\"\/>\n\n\n\n<h2 class=\"wp-block-heading has-text-align-center has-medium-font-size\"><strong>COLUMNS<\/strong><\/h2>\n\n\n\n<div class=\"wp-block-columns is-layout-flex wp-container-core-columns-is-layout-9d6595d7 wp-block-columns-is-layout-flex\">\n<div class=\"wp-block-column is-layout-flow wp-block-column-is-layout-flow\"><div class=\"wp-block-image\">\n<figure class=\"aligncenter size-thumbnail\"><a href=\"https:\/\/decomponist.info\/index.php\/blogjes\/\" target=\"_blank\" rel=\" noreferrer noopener\"><img loading=\"lazy\" decoding=\"async\" width=\"150\" height=\"150\" src=\"https:\/\/decomponist.info\/wp-content\/uploads\/2026\/03\/taxi-150x150.jpeg\" alt=\"\" class=\"wp-image-6289\"\/><\/a><\/figure>\n<\/div>\n\n\n<p class=\"has-medium-font-size\">Er is weer een nieuwe column van Ernst gepubliceerd met als titel \u201c<strong>Rijbewijs\u201d<\/strong>. Klik of tik op de afbeelding om deze te lezen, te printen of te downloaden.<\/p>\n<\/div>\n\n\n\n<div class=\"wp-block-column is-layout-flow wp-block-column-is-layout-flow\"><div class=\"wp-block-image\">\n<figure class=\"aligncenter size-thumbnail\"><a href=\"https:\/\/decomponist.info\/index.php\/blogjes\/\" target=\"_blank\" rel=\" noreferrer noopener\"><img loading=\"lazy\" decoding=\"async\" width=\"150\" height=\"150\" src=\"https:\/\/decomponist.info\/wp-content\/uploads\/2026\/04\/in-memoriam-150x150.jpg\" alt=\"\" class=\"wp-image-6363\"\/><\/a><\/figure>\n<\/div>\n\n\n<p class=\"has-medium-font-size\">Ook Mia Meijer heeft een column geschreven met als titel \u201c<strong>Nu kan ik Nel niets meer vragen<\/strong>\u201c. Klik of tik op de afbeelding om deze te lezen, te printen of te downloaden.<\/p>\n<\/div>\n<\/div>\n\n\n\n<hr class=\"wp-block-separator has-alpha-channel-opacity is-style-wide\"\/>\n\n\n\n<div class=\"wp-block-columns is-layout-flex wp-container-core-columns-is-layout-9d6595d7 wp-block-columns-is-layout-flex\">\n<div class=\"wp-block-column is-layout-flow wp-block-column-is-layout-flow\" style=\"flex-basis:33.33%\"><div class=\"wp-block-image\">\n<figure class=\"aligncenter size-medium\"><img loading=\"lazy\" decoding=\"async\" width=\"209\" height=\"300\" src=\"https:\/\/decomponist.info\/wp-content\/uploads\/2026\/04\/BRAND-1-209x300.jpg\" alt=\"\" class=\"wp-image-6358\" srcset=\"https:\/\/decomponist.info\/wp-content\/uploads\/2026\/04\/BRAND-1-209x300.jpg 209w, https:\/\/decomponist.info\/wp-content\/uploads\/2026\/04\/BRAND-1.jpg 533w\" sizes=\"auto, (max-width: 209px) 100vw, 209px\" \/><\/figure>\n<\/div><\/div>\n\n\n\n<div class=\"wp-block-column is-layout-flow wp-block-column-is-layout-flow\" style=\"flex-basis:66.66%\">\n<h2 class=\"wp-block-heading has-text-align-center has-vivid-red-color has-text-color has-link-color has-medium-font-size wp-elements-2c4436e40919d67192c50d6a27910c9d\"><strong>INFORMATIEBIJEENKOMST<br>WAT TE DOEN BIJ BRAND<\/strong><br>MAANDAG 11 MEI<br>AANVANG 10:30 UUR, ZAAL OPEN 10:00 UUR<\/h2>\n\n\n\n<p class=\"has-text-align-center has-medium-font-size\">In samenwerking met de Brandweer Regio Haaglanden organiseert de Bewonerscommissie de Componist een voorlichtingsbijeenkomst met als thema<\/p>\n\n\n\n<p class=\"has-text-align-center has-vivid-red-color has-text-color has-link-color has-medium-font-size wp-elements-4aaccb9a04628207afa343adceb3bbb7\"><strong>\u201cWAT TE DOEN BIJ BRAND\u201d<\/strong><\/p>\n\n\n\n<p class=\"has-medium-font-size\">Aanmelding is niet verplicht, maar wel gewenst in verband met het maximum aantal toegestane personen in de Dirigent. Gebruik voor de aanmelding onderstaande knop.<\/p>\n\n\n\n<div class=\"wp-block-buttons is-content-justification-center is-layout-flex wp-container-core-buttons-is-layout-16018d1d wp-block-buttons-is-layout-flex\">\n<div class=\"wp-block-button has-custom-width wp-block-button__width-75 is-style-outline is-style-outline--1\"><a class=\"wp-block-button__link has-black-color has-pale-cyan-blue-background-color has-text-color has-background has-link-color has-medium-font-size has-custom-font-size wp-element-button\" href=\"https:\/\/decomponist.info\/index.php\/2026\/04\/09\/aanmeldformulier-brandveiligheid\/\">AANMELDFORMULIER<\/a><\/div>\n<\/div>\n<\/div>\n<\/div>\n\n\n\n<hr class=\"wp-block-separator has-alpha-channel-opacity is-style-wide\"\/>\n\n\n\n<div class=\"wp-block-columns is-layout-flex wp-container-core-columns-is-layout-9d6595d7 wp-block-columns-is-layout-flex\">\n<div class=\"wp-block-column is-layout-flow wp-block-column-is-layout-flow\" style=\"flex-basis:33.33%\">\n<figure class=\"wp-block-image size-medium\"><img loading=\"lazy\" decoding=\"async\" width=\"230\" height=\"300\" src=\"https:\/\/decomponist.info\/wp-content\/uploads\/2026\/03\/schoonmaak-230x300.png\" alt=\"\" class=\"wp-image-6208\" srcset=\"https:\/\/decomponist.info\/wp-content\/uploads\/2026\/03\/schoonmaak-230x300.png 230w, https:\/\/decomponist.info\/wp-content\/uploads\/2026\/03\/schoonmaak.png 400w\" sizes=\"auto, (max-width: 230px) 100vw, 230px\" \/><\/figure>\n<\/div>\n\n\n\n<div class=\"wp-block-column is-layout-flow wp-block-column-is-layout-flow\" style=\"flex-basis:66.66%\">\n<p class=\"has-text-align-center has-medium-font-size\" id=\"tip-schoonmaak\"><strong><em>Jaarlijkse schoonmaak van de Dirigent<\/em><\/strong><\/p>\n\n\n\n<p class=\"has-medium-font-size\">Jaarlijks wordt de Dirigent met man en macht schoongemaakt: de hal, het toilet, de deuren, de keuken, de kastjes en de ijskast, de stoelen, de tafels en de verwarming(buizen) in de ruimte; de ramen worden gezeemd en de gordijnen gewassen\u2026\u2026.. Kortom: een grondige aanpak. Op woensdag 11 maart jl hebben (bardienst)vrijwilligers weer hard \u00e9n enthousiast gewerkt. Na afloop is genoten van een gezellige en heerlijke lunch.<\/p>\n\n\n\n<p class=\"has-medium-font-size\">Dank aan alle vrijwilligers, die ook dit jaar weer het schoonmaakwerk hebben aangepakt.<\/p>\n<\/div>\n<\/div>\n\n\n\n<hr class=\"wp-block-separator has-alpha-channel-opacity is-style-wide\"\/>\n\n\n\n<div class=\"wp-block-columns is-layout-flex wp-container-core-columns-is-layout-9d6595d7 wp-block-columns-is-layout-flex\">\n<div class=\"wp-block-column is-layout-flow wp-block-column-is-layout-flow\" style=\"flex-basis:66.66%\">\n<h2 class=\"wp-block-heading has-text-align-center has-medium-font-size\" id=\"tip-talud\"><strong>NIEUWS VAN DE TALUDGROEP<\/strong><\/h2>\n\n\n\n<p class=\"has-medium-font-size\">Het is weer lente en de bollen op het talud stonden mooi in bloei, vooral het gedeelte aan de kant van de Mozartlaan. Wij hebben nog niet veel kunnen doen aan het talud. De Gemeente gaat het stuk opnieuw inrichten en het wachten is op de goedkeuring.<br>Maar wij onderhouden niet alleen het talud, ook de omgeving van de trappen. Op 8 april, het was een stralende dag, zijn wij met zo een 10 mensen aan de slag gegaan. In het hortensia perkje zijn nieuwe plantjes gekomen en het is ingezaaid met vlinderzaad en zonnebloemzaad.<br>In de bloembakken bij de trappen zijn 16 nieuwe planten gepoot, veel lavendel, dus hopelijk komen hier bijen op af. Er is ook veel begroeiing bij de nieuwe banken en langs de muren van het gebouw weggehaald.<br>Wij hadden veel plezier met z\u2019n allen. Waar nodig werd een handje geholpen en gelukkig waren er ook een vijftal mannen voor het zwaardere werk. En om tien uur kwam Ria van Heeswijk met heerlijke koffie en roomsoesjes.<br>Het is fijn om een paar uur lekker bezig te zijn in de buitenlucht. Wilt u ook eens meedoen ? Kom gerust eens langs tijdens onze een van onze \u201ctaluddagen\u201d<\/p>\n<\/div>\n\n\n\n<div class=\"wp-block-column is-layout-flow wp-block-column-is-layout-flow\" style=\"flex-basis:33.33%\"><div class=\"wp-block-image\">\n<figure class=\"aligncenter size-medium\"><img loading=\"lazy\" decoding=\"async\" width=\"225\" height=\"300\" src=\"https:\/\/decomponist.info\/wp-content\/uploads\/2026\/04\/1000025416-225x300.jpg\" alt=\"\" class=\"wp-image-6397\" srcset=\"https:\/\/decomponist.info\/wp-content\/uploads\/2026\/04\/1000025416-225x300.jpg 225w, https:\/\/decomponist.info\/wp-content\/uploads\/2026\/04\/1000025416-768x1024.jpg 768w, https:\/\/decomponist.info\/wp-content\/uploads\/2026\/04\/1000025416-1152x1536.jpg 1152w, https:\/\/decomponist.info\/wp-content\/uploads\/2026\/04\/1000025416-1536x2048.jpg 1536w, https:\/\/decomponist.info\/wp-content\/uploads\/2026\/04\/1000025416-scaled.jpg 1920w\" sizes=\"auto, (max-width: 225px) 100vw, 225px\" \/><\/figure>\n<\/div><\/div>\n<\/div>\n\n\n\n<hr class=\"wp-block-separator has-alpha-channel-opacity is-style-wide\"\/>\n\n\n\n<div class=\"wp-block-columns is-layout-flex wp-container-core-columns-is-layout-9d6595d7 wp-block-columns-is-layout-flex\">\n<div class=\"wp-block-column is-layout-flow wp-block-column-is-layout-flow\" style=\"flex-basis:33.33%\"><div class=\"wp-block-image\">\n<figure class=\"aligncenter size-medium\"><a href=\"https:\/\/decomponist.info\/wp-content\/uploads\/2026\/02\/20260130-Verhuistips.pdf\" target=\"_blank\" rel=\" noreferrer noopener\"><img loading=\"lazy\" decoding=\"async\" width=\"275\" height=\"300\" src=\"https:\/\/decomponist.info\/wp-content\/uploads\/2026\/02\/verhuistips-275x300.gif\" alt=\"\" class=\"wp-image-6042\"\/><\/a><\/figure>\n<\/div><\/div>\n\n\n\n<div class=\"wp-block-column is-layout-flow wp-block-column-is-layout-flow\" style=\"flex-basis:66.66%\">\n<h2 class=\"wp-block-heading has-text-align-center has-medium-font-size\" id=\"tip-verhuis\"><strong>VERHUISTIPS<\/strong><\/h2>\n\n\n\n<p class=\"has-medium-font-size\">Samen met Woonzorg heeft de bewonerscommissie een handig overzicht met verhuistips opgesteld die te gebruiken zijn wanneer u inverhuist of wanneer u juist uitverhuist.<\/p>\n\n\n\n<p class=\"has-medium-font-size\">Neem even te de tijd om deze tips te lezen. U bespaart uzelf en uw (toekomstige) buren overlast en voorkomt schade aan de directe omgeving van uw huis, bijvoorbeeld de lift(en).<\/p>\n\n\n\n<p class=\"has-medium-font-size\">U vindt de tips door op de afbeelding te klikken of te tikken.<\/p>\n<\/div>\n<\/div>\n\n\n\n<hr class=\"wp-block-separator has-alpha-channel-opacity is-style-wide\"\/>\n\n\n\n<div class=\"wp-block-columns is-layout-flex wp-container-core-columns-is-layout-9d6595d7 wp-block-columns-is-layout-flex\">\n<div class=\"wp-block-column is-layout-flow wp-block-column-is-layout-flow\" style=\"flex-basis:33.33%\"><div class=\"wp-block-image\">\n<figure class=\"aligncenter size-large\"><img loading=\"lazy\" decoding=\"async\" width=\"1024\" height=\"768\" src=\"https:\/\/decomponist.info\/wp-content\/uploads\/2026\/01\/IMG_2804-1024x768.jpeg\" alt=\"\" class=\"wp-image-5919\" srcset=\"https:\/\/decomponist.info\/wp-content\/uploads\/2026\/01\/IMG_2804-1024x768.jpeg 1024w, https:\/\/decomponist.info\/wp-content\/uploads\/2026\/01\/IMG_2804-300x225.jpeg 300w, https:\/\/decomponist.info\/wp-content\/uploads\/2026\/01\/IMG_2804-768x576.jpeg 768w, https:\/\/decomponist.info\/wp-content\/uploads\/2026\/01\/IMG_2804-1536x1152.jpeg 1536w, https:\/\/decomponist.info\/wp-content\/uploads\/2026\/01\/IMG_2804-rotated.jpeg 2016w\" sizes=\"auto, (max-width: 1024px) 100vw, 1024px\" \/><\/figure>\n<\/div><\/div>\n\n\n\n<div class=\"wp-block-column is-layout-flow wp-block-column-is-layout-flow\" style=\"flex-basis:66.66%\">\n<p class=\"has-medium-font-size\" id=\"tip-wenskaart\">Prachtige wenskaarten te koop: 3 voor \u20ac 5,\u2013 (incl enveloppe) van fotograaf Piet Musterd, bekend van de jaarlijkse Kunstmarkt in september in\/op het Mozartpark en medebewoner in de Componist.<\/p>\n\n\n\n<p class=\"has-medium-font-size\">Ga naar het marktje via onderstaande knop<\/p>\n\n\n\n<div class=\"wp-block-buttons is-content-justification-center is-layout-flex wp-container-core-buttons-is-layout-16018d1d wp-block-buttons-is-layout-flex\">\n<div class=\"wp-block-button has-custom-width wp-block-button__width-50 is-style-outline is-style-outline--2\"><a class=\"wp-block-button__link has-black-color has-pale-cyan-blue-background-color has-text-color has-background has-link-color has-medium-font-size has-custom-font-size wp-element-button\" href=\"https:\/\/decomponist.info\/index.php\/2023\/03\/20\/vraag-en-aanbod-in-de-componist\/\">Naar het marktje<\/a><\/div>\n<\/div>\n<\/div>\n<\/div>\n\n\n\n<hr class=\"wp-block-separator has-alpha-channel-opacity\"\/>\n\n\n<div class=\"wp-block-image\">\n<figure class=\"aligncenter size-medium\"><img loading=\"lazy\" decoding=\"async\" width=\"300\" height=\"300\" src=\"https:\/\/decomponist.info\/wp-content\/uploads\/2024\/09\/gymnastiek-300x300.jpg\" alt=\"\" class=\"wp-image-3826\" srcset=\"https:\/\/decomponist.info\/wp-content\/uploads\/2024\/09\/gymnastiek-300x300.jpg 300w, https:\/\/decomponist.info\/wp-content\/uploads\/2024\/09\/gymnastiek-150x150.jpg 150w, https:\/\/decomponist.info\/wp-content\/uploads\/2024\/09\/gymnastiek.jpg 450w\" sizes=\"auto, (max-width: 300px) 100vw, 300px\" \/><\/figure>\n<\/div>\n\n\n<h2 class=\"wp-block-heading has-text-align-center has-medium-font-size\" id=\"tip-gym\"><strong>GYMNASTIEK VOOR OUDEREN<\/strong><\/h2>\n\n\n\n<p class=\"has-medium-font-size\">Iedere woensdagmiddag is er \u2018gymnastiek voor ouderen\u2019 in de Dirigent onder leiding van Sander van Deursen. <\/p>\n\n\n\n<p class=\"has-medium-font-size\">Van 13 tot 14 uur. Kosten \u20ac 5,- per les.<\/p>\n\n\n\n<p class=\"has-medium-font-size\">Er is nog plaats. Bewoners zijn altijd welkom om op woensdag te komen kijken en een les vrijblijvend mee te doen.<\/p>\n\n\n\n<hr class=\"wp-block-separator has-alpha-channel-opacity\"\/>\n\n\n\n<div class=\"wp-block-columns is-layout-flex wp-container-core-columns-is-layout-9d6595d7 wp-block-columns-is-layout-flex\">\n<div class=\"wp-block-column is-layout-flow wp-block-column-is-layout-flow\" style=\"flex-basis:66.66%\">\n<h2 class=\"wp-block-heading has-text-align-center has-medium-font-size\" id=\"tip-lief\"><strong>LIEF EN LEED IN DE COMPONIST<\/strong><\/h2>\n\n\n\n<p class=\"has-medium-font-size\">Wij willen u er nog eens op wijzen dat er in de Componist een Lief en Leed potje bestaat. Het potje wordt beheerd door de dames van de Prelude, Janny Leupen en Dineke Delissen.<br><br>Dit potje is speciaal bedoeld om zo nu en dan een mede-bewoner even een hart onder de riem te steken bij ziekte of wanneer men op een andere manier in aanmerking komt voor een attentie o.i.d. Bijvoorbeeld met een bloemetje, een lief kaartje of een fruitmandje<\/p>\n\n\n\n<p class=\"has-medium-font-size\">Klik op het plaatje rechts voor meer informatie en om een medebewoner aan te melden. <br>Let op: het is belangrijk dat u zelf de dames van de Prelude een tip geeft. <\/p>\n<\/div>\n\n\n\n<div class=\"wp-block-column is-layout-flow wp-block-column-is-layout-flow\" style=\"flex-basis:33.33%\"><div class=\"wp-block-image\">\n<figure class=\"aligncenter size-full\"><a href=\"https:\/\/decomponist.info\/index.php\/lief-leed\/\" target=\"_blank\" rel=\"noreferrer noopener\"><img loading=\"lazy\" decoding=\"async\" width=\"250\" height=\"250\" src=\"https:\/\/decomponist.info\/wp-content\/uploads\/2023\/03\/liefenleed-1.jpeg\" alt=\"\" class=\"wp-image-385\" srcset=\"https:\/\/decomponist.info\/wp-content\/uploads\/2023\/03\/liefenleed-1.jpeg 250w, https:\/\/decomponist.info\/wp-content\/uploads\/2023\/03\/liefenleed-1-150x150.jpeg 150w\" sizes=\"auto, (max-width: 250px) 100vw, 250px\" \/><\/a><\/figure>\n<\/div><\/div>\n<\/div>\n\n\n\n<hr class=\"wp-block-separator has-alpha-channel-opacity\"\/>\n","protected":false},"excerpt":{"rendered":"<p>UITSLAG ENQU\u00caTE PAKKETKLUISJES In april hield de bewonerscommissie een enqu\u00eate onder alle bewoners van de Componist over pakketkluisjes. Slechts 22% van de bewoners vulden deze enqu\u00eate in, dit ondanks een rappel. De uitslag vindt u door te klikken op de afbeelding. De bewonerscommissie zal de&nbsp;<a class=\"read-more\" href=\"https:\/\/decomponist.info\/index.php\/nieuws\/\">&hellip;<\/a><\/p>\n","protected":false},"author":1,"featured_media":0,"parent":0,"menu_order":0,"comment_status":"closed","ping_status":"closed","template":"template-full.php","meta":{"_monsterinsights_skip_tracking":false,"_monsterinsights_sitenote_active":false,"_monsterinsights_sitenote_note":"","_monsterinsights_sitenote_category":0,"footnotes":""},"class_list":["post-1360","page","type-page","status-publish","hentry"],"aioseo_notices":[],"jetpack_sharing_enabled":true,"_links":{"self":[{"href":"https:\/\/decomponist.info\/index.php\/wp-json\/wp\/v2\/pages\/1360","targetHints":{"allow":["GET"]}}],"collection":[{"href":"https:\/\/decomponist.info\/index.php\/wp-json\/wp\/v2\/pages"}],"about":[{"href":"https:\/\/decomponist.info\/index.php\/wp-json\/wp\/v2\/types\/page"}],"author":[{"embeddable":true,"href":"https:\/\/decomponist.info\/index.php\/wp-json\/wp\/v2\/users\/1"}],"replies":[{"embeddable":true,"href":"https:\/\/decomponist.info\/index.php\/wp-json\/wp\/v2\/comments?post=1360"}],"version-history":[{"count":487,"href":"https:\/\/decomponist.info\/index.php\/wp-json\/wp\/v2\/pages\/1360\/revisions"}],"predecessor-version":[{"id":6406,"href":"https:\/\/decomponist.info\/index.php\/wp-json\/wp\/v2\/pages\/1360\/revisions\/6406"}],"wp:attachment":[{"href":"https:\/\/decomponist.info\/index.php\/wp-json\/wp\/v2\/media?parent=1360"}],"curies":[{"name":"wp","href":"https:\/\/api.w.org\/{rel}","templated":true}]}}